{"id":2804,"date":"2024-09-20T17:27:23","date_gmt":"2024-09-20T15:27:23","guid":{"rendered":"https:\/\/elspect.sky-design.pl\/?page_id=2804"},"modified":"2025-01-07T14:08:03","modified_gmt":"2025-01-07T13:08:03","slug":"zarzadzanie-kompleksowymi-projektami-elektrycznymi","status":"publish","type":"page","link":"https:\/\/elspect.pl\/index.php\/uslugi\/zarzadzanie-kompleksowymi-projektami-elektrycznymi\/","title":{"rendered":"Zarz\u0105dzanie Kompleksowymi Projektami Elektrycznymi"},"content":{"rendered":"\t\t<div data-elementor-type=\"wp-page\" data-elementor-id=\"2804\" class=\"elementor elementor-2804\" data-elementor-post-type=\"page\">\n\t\t\t\t<div class=\"elementor-element elementor-element-c3cbce4 services-details-area e-flex e-con-boxed e-con e-parent\" data-id=\"c3cbce4\" data-element_type=\"container\" data-e-type=\"container\">\n\t\t\t\t\t<div class=\"e-con-inner\">\n\t\t<div class=\"elementor-element elementor-element-0027e94 services-details-items e-con-full e-flex e-con e-child\" data-id=\"0027e94\" data-element_type=\"container\" data-e-type=\"container\">\n\t\t<div class=\"elementor-element elementor-element-eb60725 e-con-full e-flex e-con e-child\" data-id=\"eb60725\" data-element_type=\"container\" data-e-type=\"container\">\n\t\t<div class=\"elementor-element elementor-element-a2b29a9 e-con-full e-flex e-con e-child\" data-id=\"a2b29a9\" data-element_type=\"container\" data-e-type=\"container\">\n\t\t\t\t<div class=\"elementor-element elementor-element-dbbcdf2 service-single-thumb elementor-widget elementor-widget-image\" data-id=\"dbbcdf2\" data-element_type=\"widget\" data-e-type=\"widget\" data-widget_type=\"image.default\">\n\t\t\t\t<div class=\"elementor-widget-container\">\n\t\t\t\t\t\t\t\t\t\t\t\t\t\t\t<img fetchpriority=\"high\" decoding=\"async\" width=\"1200\" height=\"800\" src=\"https:\/\/elspect.pl\/wp-content\/uploads\/2024\/12\/zarzadzanie-kompleksowymi-projektami-elektrycznymi.jpg\" class=\"attachment-full size-full wp-image-3417\" alt=\"\" srcset=\"https:\/\/elspect.pl\/wp-content\/uploads\/2024\/12\/zarzadzanie-kompleksowymi-projektami-elektrycznymi.jpg 1200w, https:\/\/elspect.pl\/wp-content\/uploads\/2024\/12\/zarzadzanie-kompleksowymi-projektami-elektrycznymi-300x200.jpg 300w, https:\/\/elspect.pl\/wp-content\/uploads\/2024\/12\/zarzadzanie-kompleksowymi-projektami-elektrycznymi-1024x683.jpg 1024w, https:\/\/elspect.pl\/wp-content\/uploads\/2024\/12\/zarzadzanie-kompleksowymi-projektami-elektrycznymi-768x512.jpg 768w\" sizes=\"(max-width: 1200px) 100vw, 1200px\" \/>\t\t\t\t\t\t\t\t\t\t\t\t\t\t\t<\/div>\n\t\t\t\t<\/div>\n\t\t\t\t<div class=\"elementor-element elementor-element-738207d elementor-widget elementor-widget-heading\" data-id=\"738207d\" data-element_type=\"widget\" data-e-type=\"widget\" data-widget_type=\"heading.default\">\n\t\t\t\t<div class=\"elementor-widget-container\">\n\t\t\t\t\t<h2 class=\"elementor-heading-title elementor-size-default\">Zarz\u0105dzanie Kompleksowymi Projektami Elektrycznymi<\/h2>\t\t\t\t<\/div>\n\t\t\t\t<\/div>\n\t\t\t\t<div class=\"elementor-element elementor-element-4f88046 elementor-widget elementor-widget-text-editor\" data-id=\"4f88046\" data-element_type=\"widget\" data-e-type=\"widget\" data-widget_type=\"text-editor.default\">\n\t\t\t\t<div class=\"elementor-widget-container\">\n\t\t\t\t\t\t\t\t\t<p>Zarz\u0105dzanie kompleksowymi projektami elektrycznymi to pe\u0142na obs\u0142uga projekt\u00f3w, kt\u00f3re wymagaj\u0105 zaawansowanej koordynacji i wiedzy technicznej. Dzi\u0119ki naszej wiedzy i do\u015bwiadczeniu przeprowadzamy projekt od etapu planowania po wdro\u017cenie, zapewniaj\u0105c pe\u0142ne wsparcie na ka\u017cdym kroku.<\/p>\t\t\t\t\t\t\t\t<\/div>\n\t\t\t\t<\/div>\n\t\t\t\t<div class=\"elementor-element elementor-element-74ecb93 elementor-view-stacked elementor-position-inline-start elementor-shape-circle elementor-mobile-position-block-start elementor-widget elementor-widget-icon-box\" data-id=\"74ecb93\" data-element_type=\"widget\" data-e-type=\"widget\" data-widget_type=\"icon-box.default\">\n\t\t\t\t<div class=\"elementor-widget-container\">\n\t\t\t\t\t\t\t<div class=\"elementor-icon-box-wrapper\">\n\n\t\t\t\t\t\t<div class=\"elementor-icon-box-icon\">\n\t\t\t\t<span  class=\"elementor-icon\">\n\t\t\t\t<svg aria-hidden=\"true\" class=\"e-font-icon-svg e-fas-hammer\" viewBox=\"0 0 576 512\" xmlns=\"http:\/\/www.w3.org\/2000\/svg\"><path d=\"M571.31 193.94l-22.63-22.63c-6.25-6.25-16.38-6.25-22.63 0l-11.31 11.31-28.9-28.9c5.63-21.31.36-44.9-16.35-61.61l-45.25-45.25c-62.48-62.48-163.79-62.48-226.28 0l90.51 45.25v18.75c0 16.97 6.74 33.25 18.75 45.25l49.14 49.14c16.71 16.71 40.3 21.98 61.61 16.35l28.9 28.9-11.31 11.31c-6.25 6.25-6.25 16.38 0 22.63l22.63 22.63c6.25 6.25 16.38 6.25 22.63 0l90.51-90.51c6.23-6.24 6.23-16.37-.02-22.62zm-286.72-15.2c-3.7-3.7-6.84-7.79-9.85-11.95L19.64 404.96c-25.57 23.88-26.26 64.19-1.53 88.93s65.05 24.05 88.93-1.53l238.13-255.07c-3.96-2.91-7.9-5.87-11.44-9.41l-49.14-49.14z\"><\/path><\/svg>\t\t\t\t<\/span>\n\t\t\t<\/div>\n\t\t\t\n\t\t\t\t\t\t<div class=\"elementor-icon-box-content\">\n\n\t\t\t\t\t\t\t\t\t<h3 class=\"elementor-icon-box-title\">\n\t\t\t\t\t\t<span  >\n\t\t\t\t\t\t\tSpos\u00f3b Wykonania\t\t\t\t\t\t<\/span>\n\t\t\t\t\t<\/h3>\n\t\t\t\t\n\t\t\t\t\n\t\t\t<\/div>\n\t\t\t\n\t\t<\/div>\n\t\t\t\t\t\t<\/div>\n\t\t\t\t<\/div>\n\t\t\t\t<div class=\"elementor-element elementor-element-f8ee05e elementor-widget elementor-widget-text-editor\" data-id=\"f8ee05e\" data-element_type=\"widget\" data-e-type=\"widget\" data-widget_type=\"text-editor.default\">\n\t\t\t\t<div class=\"elementor-widget-container\">\n\t\t\t\t\t\t\t\t\t<p>Prowadzimy kompleksowe zarz\u0105dzanie projektami, obejmuj\u0105ce planowanie, koordynacj\u0119 dostawc\u00f3w oraz kontrol\u0119 jako\u015bci. Nasi specjali\u015bci nadzoruj\u0105 realizacj\u0119, dbaj\u0105c o precyzyjne wykonanie prac w ustalonym harmonogramie i bud\u017cecie. Projekt jest realizowany zgodnie z oczekiwaniami klienta.<\/p>\t\t\t\t\t\t\t\t<\/div>\n\t\t\t\t<\/div>\n\t\t\t\t<div class=\"elementor-element elementor-element-60e569f elementor-view-stacked elementor-position-inline-start elementor-shape-circle elementor-mobile-position-block-start elementor-widget elementor-widget-icon-box\" data-id=\"60e569f\" data-element_type=\"widget\" data-e-type=\"widget\" data-widget_type=\"icon-box.default\">\n\t\t\t\t<div class=\"elementor-widget-container\">\n\t\t\t\t\t\t\t<div class=\"elementor-icon-box-wrapper\">\n\n\t\t\t\t\t\t<div class=\"elementor-icon-box-icon\">\n\t\t\t\t<span  class=\"elementor-icon\">\n\t\t\t\t<svg aria-hidden=\"true\" class=\"e-font-icon-svg e-fas-medal\" viewBox=\"0 0 512 512\" xmlns=\"http:\/\/www.w3.org\/2000\/svg\"><path d=\"M223.75 130.75L154.62 15.54A31.997 31.997 0 0 0 127.18 0H16.03C3.08 0-4.5 14.57 2.92 25.18l111.27 158.96c29.72-27.77 67.52-46.83 109.56-53.39zM495.97 0H384.82c-11.24 0-21.66 5.9-27.44 15.54l-69.13 115.21c42.04 6.56 79.84 25.62 109.56 53.38L509.08 25.18C516.5 14.57 508.92 0 495.97 0zM256 160c-97.2 0-176 78.8-176 176s78.8 176 176 176 176-78.8 176-176-78.8-176-176-176zm92.52 157.26l-37.93 36.96 8.97 52.22c1.6 9.36-8.26 16.51-16.65 12.09L256 393.88l-46.9 24.65c-8.4 4.45-18.25-2.74-16.65-12.09l8.97-52.22-37.93-36.96c-6.82-6.64-3.05-18.23 6.35-19.59l52.43-7.64 23.43-47.52c2.11-4.28 6.19-6.39 10.28-6.39 4.11 0 8.22 2.14 10.33 6.39l23.43 47.52 52.43 7.64c9.4 1.36 13.17 12.95 6.35 19.59z\"><\/path><\/svg>\t\t\t\t<\/span>\n\t\t\t<\/div>\n\t\t\t\n\t\t\t\t\t\t<div class=\"elementor-icon-box-content\">\n\n\t\t\t\t\t\t\t\t\t<h3 class=\"elementor-icon-box-title\">\n\t\t\t\t\t\t<span  >\n\t\t\t\t\t\t\tKorzy\u015bci dla Klienta\t\t\t\t\t\t<\/span>\n\t\t\t\t\t<\/h3>\n\t\t\t\t\n\t\t\t\t\n\t\t\t<\/div>\n\t\t\t\n\t\t<\/div>\n\t\t\t\t\t\t<\/div>\n\t\t\t\t<\/div>\n\t\t\t\t<div class=\"elementor-element elementor-element-e6ecb2a elementor-widget elementor-widget-text-editor\" data-id=\"e6ecb2a\" data-element_type=\"widget\" data-e-type=\"widget\" data-widget_type=\"text-editor.default\">\n\t\t\t\t<div class=\"elementor-widget-container\">\n\t\t\t\t\t\t\t\t\t<p>Klient zyskuje pewno\u015b\u0107, \u017ce projekt jest realizowany zgodnie z harmonogramem i najwy\u017cszymi standardami. Oszcz\u0119dno\u015b\u0107 czasu i eliminacja problem\u00f3w organizacyjnych pozwalaj\u0105 firmie skupi\u0107 si\u0119 na kluczowych aspektach dzia\u0142alno\u015bci, podczas gdy my dbamy o ca\u0142o\u015b\u0107 projektu.<\/p>\t\t\t\t\t\t\t\t<\/div>\n\t\t\t\t<\/div>\n\t\t\t\t<div class=\"elementor-element elementor-element-d4c1811 elementor-widget elementor-widget-spacer\" data-id=\"d4c1811\" data-element_type=\"widget\" data-e-type=\"widget\" data-widget_type=\"spacer.default\">\n\t\t\t\t<div class=\"elementor-widget-container\">\n\t\t\t\t\t\t\t<div class=\"elementor-spacer\">\n\t\t\t<div class=\"elementor-spacer-inner\"><\/div>\n\t\t<\/div>\n\t\t\t\t\t\t<\/div>\n\t\t\t\t<\/div>\n\t\t\t\t<div class=\"elementor-element elementor-element-f2eb12b sub-title elementor-widget elementor-widget-heading\" data-id=\"f2eb12b\" data-element_type=\"widget\" data-e-type=\"widget\" data-widget_type=\"heading.default\">\n\t\t\t\t<div class=\"elementor-widget-container\">\n\t\t\t\t\t<h5 class=\"elementor-heading-title elementor-size-default\">FAQ<\/h5>\t\t\t\t<\/div>\n\t\t\t\t<\/div>\n\t\t\t\t<div class=\"elementor-element elementor-element-b598931 elementor-widget elementor-widget-heading\" data-id=\"b598931\" data-element_type=\"widget\" data-e-type=\"widget\" data-widget_type=\"heading.default\">\n\t\t\t\t<div class=\"elementor-widget-container\">\n\t\t\t\t\t<h2 class=\"elementor-heading-title elementor-size-default\">Pytania dotycz\u0105ce us\u0142ugi<\/h2>\t\t\t\t<\/div>\n\t\t\t\t<\/div>\n\t\t\t\t<div class=\"elementor-element elementor-element-d5f65d8 elementor-widget elementor-widget-dilabsfaq\" data-id=\"d5f65d8\" data-element_type=\"widget\" data-e-type=\"widget\" data-widget_type=\"dilabsfaq.default\">\n\t\t\t\t<div class=\"elementor-widget-container\">\n\t\t\t\t\t<div class=\"faq-style-one\"><div class=\"accordion\" id=\"faqAccordion\"><div class=\"accordion-item\"><h2 class=\"accordion-header\" id=\"heading1\"><button class=\"accordion-button\" type=\"button\" data-bs-toggle=\"collapse\" data-bs-target=\"#collapse1\" aria-expanded=\"true\" aria-controls=\"collapse1\">Na czym polega zarz\u0105dzanie kompleksowym projektem elektrycznym?<\/button><\/h2><div id=\"collapse1\" class=\"accordion-collapse collapse show\" aria-labelledby=\"heading1\" data-bs-parent=\"#faqAccordion\"><div class=\"accordion-body\"><p>Oferujemy pe\u0142n\u0105 obs\u0142ug\u0119 projekt\u00f3w, od planowania, przez realizacj\u0119, po serwisowanie. Koordynujemy ka\u017cdy aspekt projektu, zapewniaj\u0105c, \u017ce jest realizowany na czas i zgodnie z oczekiwaniami.<\/p><\/div><\/div><\/div><div class=\"accordion-item\"><h2 class=\"accordion-header\" id=\"heading2\"><button class=\"accordion-button\" type=\"button\" data-bs-toggle=\"collapse\" data-bs-target=\"#collapse2\" aria-expanded=\"false\" aria-controls=\"collapse2\"> Czy mog\u0119 monitorowa\u0107 post\u0119py projektu?<\/button><\/h2><div id=\"collapse2\" class=\"accordion-collapse collapse \" aria-labelledby=\"heading2\" data-bs-parent=\"#faqAccordion\"><div class=\"accordion-body\"><p>Tak, nasi klienci maj\u0105 pe\u0142ny dost\u0119p do informacji o post\u0119pach projektu. Regularnie informujemy o statusie i post\u0119pach, aby zapewni\u0107 pe\u0142n\u0105 przejrzysto\u015b\u0107.<\/p><\/div><\/div><\/div><div class=\"accordion-item\"><h2 class=\"accordion-header\" id=\"heading3\"><button class=\"accordion-button\" type=\"button\" data-bs-toggle=\"collapse\" data-bs-target=\"#collapse3\" aria-expanded=\"false\" aria-controls=\"collapse3\">Jakie projekty elektryczne mo\u017cecie zarz\u0105dza\u0107?<\/button><\/h2><div id=\"collapse3\" class=\"accordion-collapse collapse \" aria-labelledby=\"heading3\" data-bs-parent=\"#faqAccordion\"><div class=\"accordion-body\"><p>Zarz\u0105dzamy szerokim zakresem projekt\u00f3w, od instalacji nowych system\u00f3w po modernizacje i integracje istniej\u0105cych instalacji. Ka\u017cdy projekt dostosowujemy do potrzeb klienta.<\/p><\/div><\/div><\/div><div class=\"accordion-item\"><h2 class=\"accordion-header\" id=\"heading4\"><button class=\"accordion-button\" type=\"button\" data-bs-toggle=\"collapse\" data-bs-target=\"#collapse4\" aria-expanded=\"false\" aria-controls=\"collapse4\">Jakie s\u0105 korzy\u015bci z powierzenia zarz\u0105dzania projektem firmie zewn\u0119trznej?<\/button><\/h2><div id=\"collapse4\" class=\"accordion-collapse collapse \" aria-labelledby=\"heading4\" data-bs-parent=\"#faqAccordion\"><div class=\"accordion-body\"><p>Powierzenie zarz\u0105dzania projektem firmie zewn\u0119trznej pozwala na oszcz\u0119dno\u015b\u0107 czasu i zasob\u00f3w oraz zapewnia, \u017ce projekt jest prowadzony profesjonalnie i zgodnie z najlepszymi praktykami.<\/p><\/div><\/div><\/div><\/div><\/div>\t\t\t\t<\/div>\n\t\t\t\t<\/div>\n\t\t\t\t<\/div>\n\t\t<div class=\"elementor-element elementor-element-2114c65 services-sidebar e-con-full e-flex e-con e-child\" data-id=\"2114c65\" data-element_type=\"container\" data-e-type=\"container\">\n\t\t\t\t<div class=\"elementor-element elementor-element-a05246b elementor-widget elementor-widget-sidebar\" data-id=\"a05246b\" data-element_type=\"widget\" data-e-type=\"widget\" data-widget_type=\"sidebar.default\">\n\t\t\t\t<div class=\"elementor-widget-container\">\n\t\t\t\t\t<div class=\"single-widget\"><div id=\"dilabs_service_cta_widget-1\" class=\"services-sidebar \"><div class=\"single-widget quick-contact-widget text-light\" style=\"background-image: url();\"><div class=\"content\"><h3>Kontakt w sprawach analizy infrastruktury energetycznej<\/h3><p>Bezpo\u015bredni kontakt techniczny w sprawie weryfikacji koszt\u00f3w energii i parametr\u00f3w pracy zasilania.<\/p><h2>+48 697 568 747<\/h2><h4><a href=\"mailto:http:\/\/biuro@elspect.pl\">biuro@elspect.pl<\/a><\/h4><a class=\"btn mt-30 circle btn-sm btn-gradient\" href=\"https:\/\/elspect.pl\/index.php\/kontakt\/\">Wy\u015blij zapytanie techniczne<\/a><\/div><\/div><\/div><\/div><!-- End of Author Widget -->\t\t\t\t<\/div>\n\t\t\t\t<\/div>\n\t\t\t\t<div class=\"elementor-element elementor-element-a468370 elementor-widget elementor-widget-sidebar\" data-id=\"a468370\" data-element_type=\"widget\" data-e-type=\"widget\" data-widget_type=\"sidebar.default\">\n\t\t\t\t<div class=\"elementor-widget-container\">\n\t\t\t\t\t<div id=\"block-3\" class=\"sidebar-item widget_block\"><div class=\"wp-block-group\"><div class=\"wp-block-group__inner-container\"><h2 class=\"wp-block-heading\">Ostatnie projekty<\/h2><ul class=\"wp-block-latest-posts__list wp-block-latest-posts\"><li><a class=\"wp-block-latest-posts__post-title\" href=\"https:\/\/elspect.pl\/index.php\/2025\/05\/15\/monitoring-infrastruktury-energetycznej-iot-bezpieczne-oze\/\">Cyfrowa szczepionka dla infrastruktury energetycznej<\/a><\/li>\n<li><a class=\"wp-block-latest-posts__post-title\" href=\"https:\/\/elspect.pl\/index.php\/2025\/05\/15\/ukryte-moduly-w-chinskich-falownikach-alarmujace-odkrycie\/\">Wiarygodno\u015b\u0107 doniesie\u0144 o ukrytych modu\u0142ach w chi\u0144skich falownikach PV<\/a><\/li>\n<li><a class=\"wp-block-latest-posts__post-title\" href=\"https:\/\/elspect.pl\/index.php\/2024\/11\/26\/analiza-i-optymalizacja-kosztow-energii\/\">Analiza i Optymalizacja Koszt\u00f3w Energii<\/a><\/li>\n<li><a class=\"wp-block-latest-posts__post-title\" href=\"https:\/\/elspect.pl\/index.php\/2024\/11\/26\/budowa-instalacji-zasilania-dedykowanego-serwerowni\/\">Budowa Instalacji Zasilania Dedykowanego Serwerowni<\/a><\/li>\n<li><a class=\"wp-block-latest-posts__post-title\" href=\"https:\/\/elspect.pl\/index.php\/2024\/11\/19\/budowa-instalacji-elektrycznej-i-teleinformatycznej-w-nowej-czesci-biurowej\/\">Budowa Instalacji Elektrycznej i Teleinformatycznej w Nowej Cz\u0119\u015bci Biurowej<\/a><\/li>\n<\/ul><\/div><\/div><\/div><div id=\"block-7\" class=\"sidebar-item widget_block\"><div class=\"wp-block-group\"><div class=\"wp-block-group__inner-container\"><h2 class=\"wp-block-heading\">Inne projekty<\/h2><ul class=\"wp-block-latest-posts__list wp-block-latest-posts\"><li><a class=\"wp-block-latest-posts__post-title\" href=\"https:\/\/elspect.pl\/index.php\/2025\/05\/15\/monitoring-infrastruktury-energetycznej-iot-bezpieczne-oze\/\">Cyfrowa szczepionka dla infrastruktury energetycznej<\/a><\/li>\n<li><a class=\"wp-block-latest-posts__post-title\" href=\"https:\/\/elspect.pl\/index.php\/2025\/05\/15\/ukryte-moduly-w-chinskich-falownikach-alarmujace-odkrycie\/\">Wiarygodno\u015b\u0107 doniesie\u0144 o ukrytych modu\u0142ach w chi\u0144skich falownikach PV<\/a><\/li>\n<li><a class=\"wp-block-latest-posts__post-title\" href=\"https:\/\/elspect.pl\/index.php\/2024\/11\/26\/analiza-i-optymalizacja-kosztow-energii\/\">Analiza i Optymalizacja Koszt\u00f3w Energii<\/a><\/li>\n<li><a class=\"wp-block-latest-posts__post-title\" href=\"https:\/\/elspect.pl\/index.php\/2024\/11\/26\/budowa-instalacji-zasilania-dedykowanego-serwerowni\/\">Budowa Instalacji Zasilania Dedykowanego Serwerowni<\/a><\/li>\n<li><a class=\"wp-block-latest-posts__post-title\" href=\"https:\/\/elspect.pl\/index.php\/2024\/11\/19\/budowa-instalacji-elektrycznej-i-teleinformatycznej-w-nowej-czesci-biurowej\/\">Budowa Instalacji Elektrycznej i Teleinformatycznej w Nowej Cz\u0119\u015bci Biurowej<\/a><\/li>\n<\/ul><\/div><\/div><\/div>\t\t\t\t<\/div>\n\t\t\t\t<\/div>\n\t\t\t\t<\/div>\n\t\t\t\t<\/div>\n\t\t\t\t<\/div>\n\t\t\t\t\t<\/div>\n\t\t\t\t<\/div>\n\t\t<div class=\"elementor-element elementor-element-10964ce e-con-full e-flex e-con e-parent\" data-id=\"10964ce\" data-element_type=\"container\" data-e-type=\"container\" data-settings=\"{&quot;background_background&quot;:&quot;classic&quot;}\">\n\t\t<div class=\"elementor-element elementor-element-b2349f6 e-con-full e-flex e-con e-child\" data-id=\"b2349f6\" data-element_type=\"container\" data-e-type=\"container\">\n\t\t\t\t<div class=\"elementor-element elementor-element-ede4729 elementor-widget elementor-widget-dilabsworkprocess\" data-id=\"ede4729\" data-element_type=\"widget\" data-e-type=\"widget\" data-widget_type=\"dilabsworkprocess.default\">\n\t\t\t\t<div class=\"elementor-widget-container\">\n\t\t\t\t\t<div class=\"process-style-one-area text-center default-padding-bottom\"><div class=\"container\"><div class=\"row\"><div class=\"col-lg-8 offset-lg-2\"><div class=\"site-heading text-center\"><h5 class=\"sub-title\">Jak dzia\u0142amy?<\/h5><h2 class=\"title\">Szybko i kompleksowo<\/h2><\/div><\/div><\/div><\/div><div class=\"container\"><div class=\"row\"><!-- Single Item --><div class=\"col-xl-3 col-lg-6 process-style-one\"><div class=\"item\"><div class=\"icon\"><i class=\"flaticon-marketing-agent\"><\/i><\/div><div class=\"point\"><span>01<\/span><\/div><h4>Skontaktuj si\u0119 z nami<\/h4><\/div><\/div><!-- End Single Item --><!-- Single Item --><div class=\"col-xl-3 col-lg-6 process-style-one\"><div class=\"item\"><div class=\"icon\"><i class=\"flaticon-paper\"><\/i><\/div><div class=\"point\"><span>02<\/span><\/div><h4>Konsultacja i planowanie<\/h4><\/div><\/div><!-- End Single Item --><!-- Single Item --><div class=\"col-xl-3 col-lg-6 process-style-one\"><div class=\"item\"><div class=\"icon\"><i class=\"flaticon-testing\"><\/i><\/div><div class=\"point\"><span>03<\/span><\/div><h4>Realizacja projektu<\/h4><\/div><\/div><!-- End Single Item --><!-- Single Item --><div class=\"col-xl-3 col-lg-6 process-style-one\"><div class=\"item\"><div class=\"icon\"><i class=\"flaticon-monitoring-1\"><\/i><\/div><div class=\"point\"><span>04<\/span><\/div><h4>Monitorowanie i oszcz\u0119dno\u015bci<\/h4><\/div><\/div><!-- End Single Item --><\/div><\/div><\/div>\t\t\t\t<\/div>\n\t\t\t\t<\/div>\n\t\t\t\t<\/div>\n\t\t\t\t<\/div>\n\t\t<div class=\"elementor-element elementor-element-02be3df e-con-full e-flex e-con e-parent\" data-id=\"02be3df\" data-element_type=\"container\" data-e-type=\"container\" data-settings=\"{&quot;background_background&quot;:&quot;classic&quot;}\">\n\t\t<div class=\"elementor-element elementor-element-66744be e-con-full e-flex e-con e-child\" data-id=\"66744be\" data-element_type=\"container\" data-e-type=\"container\">\n\t\t\t\t<div class=\"elementor-element elementor-element-6109b60 elementor-widget elementor-widget-dilabscontactinfo\" data-id=\"6109b60\" data-element_type=\"widget\" data-e-type=\"widget\" data-widget_type=\"dilabscontactinfo.default\">\n\t\t\t\t<div class=\"elementor-widget-container\">\n\t\t\t\t\t<div class=\"contact-area overflow-hidden default-padding\" style=\"background-image: url(https:\/\/elspect.pl\/wp-content\/uploads\/2024\/11\/background-contact-2.png);\"><div class=\"shape-right-bottom\"><img decoding=\"async\" src=\"\" alt=\"Shape\"><\/div><div class=\"container\"><div class=\"row align-center\"><div class=\"col-tact-stye-one col-lg-5\"><div class=\"contact-style-one-info\"><div class=\"mb-40\"><h2>Dane Kontaktowe<\/h2><\/div><ul class=\"contact-address\"><li class=\"wow fadeInUp\"><div class=\"content\"><h4 class=\"title\">Phone<\/h4><a href=\"tel:+48697568747\">+48 697 568 747<\/a><\/div><\/li><li class=\"wow fadeInUp\" data-wow-delay=\"300ms\"><div class=\"info\"><h4 class=\"title\">Adres<\/h4><p>ul. Kruszcowa 4,\n41-902 Bytom<\/p><\/div><\/li><li class=\"wow fadeInUp\" data-wow-delay=\"500ms\"><div class=\"info\"><h4 class=\"title\">E-mail<\/h4><a href=\"mailto:biuro@elspect.pl\">biuro@elspect.pl<\/a><\/div><\/li><li class=\"wow fadeInUp\" data-wow-delay=\"700ms\"><div class=\"info\"> <h4 class=\"title\">Zaobserwuj nas<\/h4><ul class=\"social-link\"> <li><a  target=\"_blank\" rel=\"nofollow\" href=\"https:\/\/www.facebook.com\/elspectpomiaryelektryczne\"><i aria-hidden=\"true\" class=\"fab fa-facebook-f\"><\/i><\/a>  <\/li><\/ul><\/div><\/li><\/ul><\/div><\/div><div class=\"col-tact-stye-one col-lg-6 offset-lg-1\"><div class=\"contact-form-style-one\"><h4 class=\"sub-title\">Chcesz zaoszcz\u0119dzi\u0107 na kosztach energii elektrycznej w swoim przedsi\u0119biorstwie?<\/h4> <h2 class=\"title\">Wype\u0142nij formularz<\/h2>\n<div class=\"wpcf7 no-js\" id=\"wpcf7-f609-o1\" lang=\"en-US\" dir=\"ltr\" data-wpcf7-id=\"609\">\n<div class=\"screen-reader-response\"><p role=\"status\" aria-live=\"polite\" aria-atomic=\"true\"><\/p> <ul><\/ul><\/div>\n<form action=\"\/index.php\/wp-json\/wp\/v2\/pages\/2804#wpcf7-f609-o1\" method=\"post\" class=\"wpcf7-form init\" aria-label=\"Contact form\" novalidate=\"novalidate\" data-status=\"init\">\n<fieldset class=\"hidden-fields-container\"><input type=\"hidden\" name=\"_wpcf7\" value=\"609\" \/><input type=\"hidden\" name=\"_wpcf7_version\" value=\"6.1.5\" \/><input type=\"hidden\" name=\"_wpcf7_locale\" value=\"en_US\" \/><input type=\"hidden\" name=\"_wpcf7_unit_tag\" value=\"wpcf7-f609-o1\" \/><input type=\"hidden\" name=\"_wpcf7_container_post\" value=\"0\" \/><input type=\"hidden\" name=\"_wpcf7_posted_data_hash\" value=\"\" \/>\n<\/fieldset>\n<div class=\"contact-form contact-form\">\n\t<div class=\"row\">\n\t\t<div class=\"col-lg-12\">\n\t\t\t<div class=\"form-group\">\n\t\t\t\t<p><span class=\"wpcf7-form-control-wrap\" data-name=\"text-903\"><input size=\"40\" maxlength=\"400\" class=\"wpcf7-form-control wpcf7-text wpcf7-validates-as-required form-control\" id=\"text-903\" aria-required=\"true\" aria-invalid=\"false\" placeholder=\"Nazwa firmy\" value=\"\" type=\"text\" name=\"text-903\" \/><\/span>\n\t\t\t\t<\/p>\n\t\t\t<\/div>\n\t\t<\/div>\n\t<\/div>\n\t<div class=\"row\">\n\t\t<div class=\"col-lg-6\">\n\t\t\t<div class=\"form-group\">\n\t\t\t\t<p><span class=\"wpcf7-form-control-wrap\" data-name=\"email-58\"><input size=\"40\" maxlength=\"400\" class=\"wpcf7-form-control wpcf7-email wpcf7-validates-as-required wpcf7-text wpcf7-validates-as-email form-control\" id=\"email-58\" aria-required=\"true\" aria-invalid=\"false\" placeholder=\"Email*\" value=\"\" type=\"email\" name=\"email-58\" \/><\/span>\n\t\t\t\t<\/p>\n\t\t\t<\/div>\n\t\t<\/div>\n\t\t<div class=\"col-lg-6\">\n\t\t\t<div class=\"form-group\">\n\t\t\t\t<p><span class=\"wpcf7-form-control-wrap\" data-name=\"text-238\"><input size=\"40\" maxlength=\"400\" class=\"wpcf7-form-control wpcf7-text form-control\" id=\"text-238\" aria-invalid=\"false\" placeholder=\"Telefon\" value=\"\" type=\"text\" name=\"text-238\" \/><\/span>\n\t\t\t\t<\/p>\n\t\t\t<\/div>\n\t\t<\/div>\n\t<\/div>\n\t<div class=\"row\">\n\t\t<div class=\"col-lg-12\">\n\t\t\t<p>Powiedz nam jak mo\u017cemy Ci pom\u00f3c\n\t\t\t<\/p>\n\t\t\t<div class=\"form-group comments\">\n\t\t\t\t<p><span class=\"wpcf7-form-control-wrap\" data-name=\"checkbox-364\"><span class=\"wpcf7-form-control wpcf7-checkbox wpcf7-validates-as-required\"><span class=\"wpcf7-list-item first\"><label><input type=\"checkbox\" name=\"checkbox-364[]\" value=\"Redukcja Koszt\u00f3w poprzez Kompensacj\u0119 Mocy Biernej\" \/><span class=\"wpcf7-list-item-label\">Redukcja Koszt\u00f3w poprzez Kompensacj\u0119 Mocy Biernej<\/span><\/label><\/span><span class=\"wpcf7-list-item\"><label><input type=\"checkbox\" name=\"checkbox-364[]\" value=\"Diagnoza Energetyczna i Audyty Efektywno\u015bci\" \/><span class=\"wpcf7-list-item-label\">Diagnoza Energetyczna i Audyty Efektywno\u015bci<\/span><\/label><\/span><span class=\"wpcf7-list-item\"><label><input type=\"checkbox\" name=\"checkbox-364[]\" value=\"Analiza i Optymalizacja Koszt\u00f3w Energetycznych\" \/><span class=\"wpcf7-list-item-label\">Analiza i Optymalizacja Koszt\u00f3w Energetycznych<\/span><\/label><\/span><span class=\"wpcf7-list-item\"><label><input type=\"checkbox\" name=\"checkbox-364[]\" value=\"Zarz\u0105dzanie Kompleksowymi Projektami Elektrycznymi\" \/><span class=\"wpcf7-list-item-label\">Zarz\u0105dzanie Kompleksowymi Projektami Elektrycznymi<\/span><\/label><\/span><span class=\"wpcf7-list-item\"><label><input type=\"checkbox\" name=\"checkbox-364[]\" value=\"Modernizacja i Optymalizacja System\u00f3w Elektrycznych\" \/><span class=\"wpcf7-list-item-label\">Modernizacja i Optymalizacja System\u00f3w Elektrycznych<\/span><\/label><\/span><span class=\"wpcf7-list-item last\"><label><input type=\"checkbox\" name=\"checkbox-364[]\" value=\"Proaktywny Monitoring Stanu Instalacji\" \/><span class=\"wpcf7-list-item-label\">Proaktywny Monitoring Stanu Instalacji<\/span><\/label><\/span><\/span><\/span>\n\t\t\t\t<\/p>\n\t\t\t<\/div>\n\t\t<\/div>\n\t<\/div>\n\t<div class=\"sky-acceptance\">\n\t\t<p><span class=\"wpcf7-form-control-wrap\" data-name=\"accept-2\"><span class=\"wpcf7-form-control wpcf7-acceptance\"><span class=\"wpcf7-list-item\"><label><input type=\"checkbox\" name=\"accept-2\" value=\"1\" aria-invalid=\"false\" \/><span class=\"wpcf7-list-item-label\">Wyra\u017cam zgod\u0119 na przetwarzanie moich danych osobowych zgodnie z Og\u00f3lnym Rozporz\u0105dzeniem o Ochronie Danych w zwi\u0105zku z przes\u0142aniem zapytania ofertowego za po\u015brednictwem formularza kontaktowego. Podanie danych jest dobrowolne, ale niezb\u0119dne do przetworzenia zapytania.<\/span><\/label><\/span><\/span><\/span>\n\t\t<\/p>\n\t<\/div>\n\t<div class=\"row\">\n\t\t<div class=\"col-lg-12\">\n\t\t\t<p><button type=\"submit\" class=\"wpcf7\" name=\"submit\" id=\"submit\"><i class=\"fa fa-paper-plane\"><\/i> Wy\u015blij wiadomo\u015b\u0107<\/button>\n\t\t\t<\/p>\n\t\t<\/div>\n\t<\/div>\n <!-- Alert Message -->\n\t<div class=\"col-lg-12 alert-notification\">\n\t\t<div id=\"message\" class=\"alert-msg\">\n\t\t<\/div>\n\t<\/div>\n<\/div><div class=\"wpcf7-response-output\" aria-hidden=\"true\"><\/div>\n<\/form>\n<\/div>\n<\/div><\/div><\/div><\/div><\/div>\t\t\t\t<\/div>\n\t\t\t\t<\/div>\n\t\t\t\t<\/div>\n\t\t\t\t<\/div>\n\t\t\t\t<\/div>\n\t\t","protected":false},"excerpt":{"rendered":"<p>Zarz\u0105dzanie Kompleksowymi Projektami Elektrycznymi Zarz\u0105dzanie kompleksowymi projektami elektrycznymi to pe\u0142na obs\u0142uga projekt\u00f3w, kt\u00f3re wymagaj\u0105 zaawansowanej koordynacji i wiedzy technicznej. Dzi\u0119ki naszej wiedzy i do\u015bwiadczeniu przeprowadzamy projekt od etapu planowania po wdro\u017cenie, zapewniaj\u0105c pe\u0142ne wsparcie na ka\u017cdym kroku. Spos\u00f3b Wykonania Prowadzimy kompleksowe zarz\u0105dzanie projektami, obejmuj\u0105ce planowanie, koordynacj\u0119 dostawc\u00f3w oraz kontrol\u0119 jako\u015bci. Nasi specjali\u015bci nadzoruj\u0105 realizacj\u0119, dbaj\u0105c&#8230;<\/p>\n","protected":false},"author":1,"featured_media":0,"parent":208,"menu_order":5,"comment_status":"closed","ping_status":"closed","template":"elementor_header_footer","meta":{"_acf_changed":false,"footnotes":""},"class_list":["post-2804","page","type-page","status-publish","hentry"],"acf":[],"yoast_head":"<!-- This site is optimized with the Yoast SEO plugin v27.1.1 - https:\/\/yoast.com\/product\/yoast-seo-wordpress\/ -->\n<title>Zarz\u0105dzanie Kompleksowymi Projektami Elektrycznymi - Elspect - Pomiary Elektryczne<\/title>\n<meta name=\"robots\" content=\"index, follow, max-snippet:-1, max-image-preview:large, max-video-preview:-1\" \/>\n<link rel=\"canonical\" href=\"https:\/\/elspect.pl\/index.php\/uslugi\/zarzadzanie-kompleksowymi-projektami-elektrycznymi\/\" \/>\n<meta property=\"og:locale\" content=\"pl_PL\" \/>\n<meta property=\"og:type\" content=\"article\" \/>\n<meta property=\"og:title\" content=\"Zarz\u0105dzanie Kompleksowymi Projektami Elektrycznymi - Elspect - Pomiary Elektryczne\" \/>\n<meta property=\"og:description\" content=\"Zarz\u0105dzanie Kompleksowymi Projektami Elektrycznymi Zarz\u0105dzanie kompleksowymi projektami elektrycznymi to pe\u0142na obs\u0142uga projekt\u00f3w, kt\u00f3re wymagaj\u0105 zaawansowanej koordynacji i wiedzy technicznej. Dzi\u0119ki naszej wiedzy i do\u015bwiadczeniu przeprowadzamy projekt od etapu planowania po wdro\u017cenie, zapewniaj\u0105c pe\u0142ne wsparcie na ka\u017cdym kroku. Spos\u00f3b Wykonania Prowadzimy kompleksowe zarz\u0105dzanie projektami, obejmuj\u0105ce planowanie, koordynacj\u0119 dostawc\u00f3w oraz kontrol\u0119 jako\u015bci. Nasi specjali\u015bci nadzoruj\u0105 realizacj\u0119, dbaj\u0105c...\" \/>\n<meta property=\"og:url\" content=\"https:\/\/elspect.pl\/index.php\/uslugi\/zarzadzanie-kompleksowymi-projektami-elektrycznymi\/\" \/>\n<meta property=\"og:site_name\" content=\"Elspect - Pomiary Elektryczne\" \/>\n<meta property=\"article:modified_time\" content=\"2025-01-07T13:08:03+00:00\" \/>\n<meta property=\"og:image\" content=\"https:\/\/elspect.pl\/wp-content\/uploads\/2024\/12\/zarzadzanie-kompleksowymi-projektami-elektrycznymi.jpg\" \/>\n<meta name=\"twitter:card\" content=\"summary_large_image\" \/>\n<meta name=\"twitter:label1\" content=\"Szacowany czas czytania\" \/>\n\t<meta name=\"twitter:data1\" content=\"3 minuty\" \/>\n<script type=\"application\/ld+json\" class=\"yoast-schema-graph\">{\"@context\":\"https:\/\/schema.org\",\"@graph\":[{\"@type\":\"WebPage\",\"@id\":\"https:\/\/elspect.pl\/index.php\/uslugi\/zarzadzanie-kompleksowymi-projektami-elektrycznymi\/\",\"url\":\"https:\/\/elspect.pl\/index.php\/uslugi\/zarzadzanie-kompleksowymi-projektami-elektrycznymi\/\",\"name\":\"Zarz\u0105dzanie Kompleksowymi Projektami Elektrycznymi - Elspect - Pomiary Elektryczne\",\"isPartOf\":{\"@id\":\"https:\/\/elspect.pl\/#website\"},\"primaryImageOfPage\":{\"@id\":\"https:\/\/elspect.pl\/index.php\/uslugi\/zarzadzanie-kompleksowymi-projektami-elektrycznymi\/#primaryimage\"},\"image\":{\"@id\":\"https:\/\/elspect.pl\/index.php\/uslugi\/zarzadzanie-kompleksowymi-projektami-elektrycznymi\/#primaryimage\"},\"thumbnailUrl\":\"https:\/\/elspect.pl\/wp-content\/uploads\/2024\/12\/zarzadzanie-kompleksowymi-projektami-elektrycznymi.jpg\",\"datePublished\":\"2024-09-20T15:27:23+00:00\",\"dateModified\":\"2025-01-07T13:08:03+00:00\",\"breadcrumb\":{\"@id\":\"https:\/\/elspect.pl\/index.php\/uslugi\/zarzadzanie-kompleksowymi-projektami-elektrycznymi\/#breadcrumb\"},\"inLanguage\":\"pl-PL\",\"potentialAction\":[{\"@type\":\"ReadAction\",\"target\":[\"https:\/\/elspect.pl\/index.php\/uslugi\/zarzadzanie-kompleksowymi-projektami-elektrycznymi\/\"]}]},{\"@type\":\"ImageObject\",\"inLanguage\":\"pl-PL\",\"@id\":\"https:\/\/elspect.pl\/index.php\/uslugi\/zarzadzanie-kompleksowymi-projektami-elektrycznymi\/#primaryimage\",\"url\":\"https:\/\/elspect.pl\/wp-content\/uploads\/2024\/12\/zarzadzanie-kompleksowymi-projektami-elektrycznymi.jpg\",\"contentUrl\":\"https:\/\/elspect.pl\/wp-content\/uploads\/2024\/12\/zarzadzanie-kompleksowymi-projektami-elektrycznymi.jpg\",\"width\":1200,\"height\":800,\"caption\":\"Caucasian engineer man use laptop in front of electrical control panel during process of maintenance in construction site.\"},{\"@type\":\"BreadcrumbList\",\"@id\":\"https:\/\/elspect.pl\/index.php\/uslugi\/zarzadzanie-kompleksowymi-projektami-elektrycznymi\/#breadcrumb\",\"itemListElement\":[{\"@type\":\"ListItem\",\"position\":1,\"name\":\"Strona g\u0142\u00f3wna\",\"item\":\"https:\/\/elspect.pl\/\"},{\"@type\":\"ListItem\",\"position\":2,\"name\":\"Us\u0142ugi\",\"item\":\"https:\/\/elspect.pl\/index.php\/uslugi\/\"},{\"@type\":\"ListItem\",\"position\":3,\"name\":\"Zarz\u0105dzanie Kompleksowymi Projektami Elektrycznymi\"}]},{\"@type\":\"WebSite\",\"@id\":\"https:\/\/elspect.pl\/#website\",\"url\":\"https:\/\/elspect.pl\/\",\"name\":\"Elspect - Pomiary Elektryczne\",\"description\":\"Przekszta\u0142\u0107 energi\u0119 w oszcz\u0119dno\u015bci z ELSPECT Group.\",\"potentialAction\":[{\"@type\":\"SearchAction\",\"target\":{\"@type\":\"EntryPoint\",\"urlTemplate\":\"https:\/\/elspect.pl\/?s={search_term_string}\"},\"query-input\":{\"@type\":\"PropertyValueSpecification\",\"valueRequired\":true,\"valueName\":\"search_term_string\"}}],\"inLanguage\":\"pl-PL\"}]}<\/script>\n<!-- \/ Yoast SEO plugin. -->","yoast_head_json":{"title":"Zarz\u0105dzanie Kompleksowymi Projektami Elektrycznymi - Elspect - Pomiary Elektryczne","robots":{"index":"index","follow":"follow","max-snippet":"max-snippet:-1","max-image-preview":"max-image-preview:large","max-video-preview":"max-video-preview:-1"},"canonical":"https:\/\/elspect.pl\/index.php\/uslugi\/zarzadzanie-kompleksowymi-projektami-elektrycznymi\/","og_locale":"pl_PL","og_type":"article","og_title":"Zarz\u0105dzanie Kompleksowymi Projektami Elektrycznymi - Elspect - Pomiary Elektryczne","og_description":"Zarz\u0105dzanie Kompleksowymi Projektami Elektrycznymi Zarz\u0105dzanie kompleksowymi projektami elektrycznymi to pe\u0142na obs\u0142uga projekt\u00f3w, kt\u00f3re wymagaj\u0105 zaawansowanej koordynacji i wiedzy technicznej. Dzi\u0119ki naszej wiedzy i do\u015bwiadczeniu przeprowadzamy projekt od etapu planowania po wdro\u017cenie, zapewniaj\u0105c pe\u0142ne wsparcie na ka\u017cdym kroku. Spos\u00f3b Wykonania Prowadzimy kompleksowe zarz\u0105dzanie projektami, obejmuj\u0105ce planowanie, koordynacj\u0119 dostawc\u00f3w oraz kontrol\u0119 jako\u015bci. Nasi specjali\u015bci nadzoruj\u0105 realizacj\u0119, dbaj\u0105c...","og_url":"https:\/\/elspect.pl\/index.php\/uslugi\/zarzadzanie-kompleksowymi-projektami-elektrycznymi\/","og_site_name":"Elspect - Pomiary Elektryczne","article_modified_time":"2025-01-07T13:08:03+00:00","og_image":[{"url":"https:\/\/elspect.pl\/wp-content\/uploads\/2024\/12\/zarzadzanie-kompleksowymi-projektami-elektrycznymi.jpg","type":"","width":"","height":""}],"twitter_card":"summary_large_image","twitter_misc":{"Szacowany czas czytania":"3 minuty"},"schema":{"@context":"https:\/\/schema.org","@graph":[{"@type":"WebPage","@id":"https:\/\/elspect.pl\/index.php\/uslugi\/zarzadzanie-kompleksowymi-projektami-elektrycznymi\/","url":"https:\/\/elspect.pl\/index.php\/uslugi\/zarzadzanie-kompleksowymi-projektami-elektrycznymi\/","name":"Zarz\u0105dzanie Kompleksowymi Projektami Elektrycznymi - Elspect - Pomiary Elektryczne","isPartOf":{"@id":"https:\/\/elspect.pl\/#website"},"primaryImageOfPage":{"@id":"https:\/\/elspect.pl\/index.php\/uslugi\/zarzadzanie-kompleksowymi-projektami-elektrycznymi\/#primaryimage"},"image":{"@id":"https:\/\/elspect.pl\/index.php\/uslugi\/zarzadzanie-kompleksowymi-projektami-elektrycznymi\/#primaryimage"},"thumbnailUrl":"https:\/\/elspect.pl\/wp-content\/uploads\/2024\/12\/zarzadzanie-kompleksowymi-projektami-elektrycznymi.jpg","datePublished":"2024-09-20T15:27:23+00:00","dateModified":"2025-01-07T13:08:03+00:00","breadcrumb":{"@id":"https:\/\/elspect.pl\/index.php\/uslugi\/zarzadzanie-kompleksowymi-projektami-elektrycznymi\/#breadcrumb"},"inLanguage":"pl-PL","potentialAction":[{"@type":"ReadAction","target":["https:\/\/elspect.pl\/index.php\/uslugi\/zarzadzanie-kompleksowymi-projektami-elektrycznymi\/"]}]},{"@type":"ImageObject","inLanguage":"pl-PL","@id":"https:\/\/elspect.pl\/index.php\/uslugi\/zarzadzanie-kompleksowymi-projektami-elektrycznymi\/#primaryimage","url":"https:\/\/elspect.pl\/wp-content\/uploads\/2024\/12\/zarzadzanie-kompleksowymi-projektami-elektrycznymi.jpg","contentUrl":"https:\/\/elspect.pl\/wp-content\/uploads\/2024\/12\/zarzadzanie-kompleksowymi-projektami-elektrycznymi.jpg","width":1200,"height":800,"caption":"Caucasian engineer man use laptop in front of electrical control panel during process of maintenance in construction site."},{"@type":"BreadcrumbList","@id":"https:\/\/elspect.pl\/index.php\/uslugi\/zarzadzanie-kompleksowymi-projektami-elektrycznymi\/#breadcrumb","itemListElement":[{"@type":"ListItem","position":1,"name":"Strona g\u0142\u00f3wna","item":"https:\/\/elspect.pl\/"},{"@type":"ListItem","position":2,"name":"Us\u0142ugi","item":"https:\/\/elspect.pl\/index.php\/uslugi\/"},{"@type":"ListItem","position":3,"name":"Zarz\u0105dzanie Kompleksowymi Projektami Elektrycznymi"}]},{"@type":"WebSite","@id":"https:\/\/elspect.pl\/#website","url":"https:\/\/elspect.pl\/","name":"Elspect - Pomiary Elektryczne","description":"Przekszta\u0142\u0107 energi\u0119 w oszcz\u0119dno\u015bci z ELSPECT Group.","potentialAction":[{"@type":"SearchAction","target":{"@type":"EntryPoint","urlTemplate":"https:\/\/elspect.pl\/?s={search_term_string}"},"query-input":{"@type":"PropertyValueSpecification","valueRequired":true,"valueName":"search_term_string"}}],"inLanguage":"pl-PL"}]}},"_links":{"self":[{"href":"https:\/\/elspect.pl\/index.php\/wp-json\/wp\/v2\/pages\/2804","targetHints":{"allow":["GET"]}}],"collection":[{"href":"https:\/\/elspect.pl\/index.php\/wp-json\/wp\/v2\/pages"}],"about":[{"href":"https:\/\/elspect.pl\/index.php\/wp-json\/wp\/v2\/types\/page"}],"author":[{"embeddable":true,"href":"https:\/\/elspect.pl\/index.php\/wp-json\/wp\/v2\/users\/1"}],"replies":[{"embeddable":true,"href":"https:\/\/elspect.pl\/index.php\/wp-json\/wp\/v2\/comments?post=2804"}],"version-history":[{"count":61,"href":"https:\/\/elspect.pl\/index.php\/wp-json\/wp\/v2\/pages\/2804\/revisions"}],"predecessor-version":[{"id":3659,"href":"https:\/\/elspect.pl\/index.php\/wp-json\/wp\/v2\/pages\/2804\/revisions\/3659"}],"up":[{"embeddable":true,"href":"https:\/\/elspect.pl\/index.php\/wp-json\/wp\/v2\/pages\/208"}],"wp:attachment":[{"href":"https:\/\/elspect.pl\/index.php\/wp-json\/wp\/v2\/media?parent=2804"}],"curies":[{"name":"wp","href":"https:\/\/api.w.org\/{rel}","templated":true}]}}